{"id":377,"date":"2018-07-16T08:23:42","date_gmt":"2018-07-16T08:23:42","guid":{"rendered":"http:\/\/www.alandalusylahistoria.com\/?page_id=377"},"modified":"2025-11-07T16:38:30","modified_gmt":"2025-11-07T15:38:30","slug":"colaboradores","status":"publish","type":"page","link":"https:\/\/www.alandalusylahistoria.com\/?page_id=377","title":{"rendered":"Autores"},"content":{"rendered":"\n<h3 class=\"wp-block-heading\" id=\"almagro-antonio\">Almagro, Antonio:<\/h3>\n\n\n\n<ul class=\"wp-block-list\">\n<li><a href=\"https:\/\/www.alandalusylahistoria.com\/?p=2520\">\u00abEl Palacio de lo Maravilloso\u00bb<\/a>.<\/li>\n\n\n\n<li><a href=\"https:\/\/www.alandalusylahistoria.com\/?p=4316\">\u00abLa mezquita de Tinmal\u00bb.<\/a><\/li>\n<\/ul>\n\n\n\n<hr class=\"wp-block-separator has-text-color has-yellow-color has-css-opacity has-yellow-background-color has-background\"\/>\n\n\n\n<h3 class=\"wp-block-heading\" id=\"arce-sainz-fernando\">Arce Sainz, Fernando:<\/h3>\n\n\n\n<ul class=\"wp-block-list\">\n<li><a href=\"http:\/\/www.alandalusylahistoria.com\/?p=1647\">\u00ab\u00bfHubo un precedente cristiano en el origen de la mezquita de C\u00f3rdoba?\u00bb<\/a><\/li>\n\n\n\n<li><a href=\"https:\/\/www.alandalusylahistoria.com\/?p=4803\">\u00abWas there a Christian precedent for the Great Mosque of Cordoba?\u00bb<\/a><\/li>\n\n\n\n<li><a href=\"https:\/\/www.alandalusylahistoria.com\/?p=5230\" target=\"_blank\" rel=\"noreferrer noopener\">\u00abLos tesoros de las iglesias en el marco de la conquista isl\u00e1mica \u00bfQui\u00e9n se llev\u00f3 el oro?\u00bb<\/a><\/li>\n<\/ul>\n\n\n\n<hr class=\"wp-block-separator has-text-color has-yellow-color has-css-opacity has-yellow-background-color has-background\"\/>\n\n\n\n<h3 class=\"wp-block-heading\" id=\"ballestin-xavier\">Ballest\u00edn, Xavier:<\/h3>\n\n\n\n<ul class=\"wp-block-list\">\n<li><a href=\"https:\/\/www.alandalusylahistoria.com\/?p=2215\">\u00abAl-Mansur, los Omeyas de occidente y el Magreb\u00bb<\/a>.<\/li>\n<\/ul>\n\n\n\n<hr class=\"wp-block-separator has-text-color has-yellow-color has-css-opacity has-yellow-background-color has-background\"\/>\n\n\n\n<h3 class=\"wp-block-heading\" id=\"bellver-jose\">Barcel\u00f3, Carmen:<\/h3>\n\n\n\n<ul class=\"wp-block-list\">\n<li><a href=\"https:\/\/www.alandalusylahistoria.com\/?p=3808\">\u00abToponimia de al-Andalus (Espa\u00f1a y Portugal)\u00bb<\/a>.<\/li>\n\n\n\n<li><a href=\"https:\/\/www.alandalusylahistoria.com\/?p=4831\">\u00abEl c\u00e1liz de Valencia, al-Z\u0101hira y el \u00abGrial\u00bb de Parsifal\u00bb<\/a>.<\/li>\n<\/ul>\n\n\n\n<hr class=\"wp-block-separator has-text-color has-yellow-color has-css-opacity has-yellow-background-color has-background\"\/>\n\n\n\n<h3 class=\"wp-block-heading\" id=\"bellver-jose\">Bellver, Jos\u00e9:<\/h3>\n\n\n\n<ul class=\"wp-block-list\">\n<li><a href=\"https:\/\/www.alandalusylahistoria.com\/?p=3117\">\u00abLa \u0160\u016b\u1e0fiyya: Unidad absoluta de la existencia y sufismo en Lorca y Murcia\u00bb<\/a>.<\/li>\n<\/ul>\n\n\n\n<hr class=\"wp-block-separator has-text-color has-yellow-color has-css-opacity has-yellow-background-color has-background\"\/>\n\n\n\n<h3 class=\"wp-block-heading\">Bernab\u00e9 Pons, Luis F.:<\/h3>\n\n\n\n<ul class=\"wp-block-list\">\n<li><a href=\"https:\/\/www.alandalusylahistoria.com\/?p=4578\">\u00abLa di\u00e1spora morisca\u00bb<\/a>.<\/li>\n<\/ul>\n\n\n\n<hr class=\"wp-block-separator has-text-color has-yellow-color has-css-opacity has-yellow-background-color has-background\"\/>\n\n\n\n<h3 class=\"wp-block-heading\">Bongianino, Umberto:<\/h3>\n\n\n\n<ul class=\"wp-block-list\">\n<li><a href=\"https:\/\/www.alandalusylahistoria.com\/?p=4148\">\u00abUn diccionario \u00e1rabe de lujo de la Valencia medieval\u00bb<\/a>.<\/li>\n<\/ul>\n\n\n\n<hr class=\"wp-block-separator has-text-color has-yellow-color has-alpha-channel-opacity has-yellow-background-color has-background\"\/>\n\n\n\n<h3 class=\"wp-block-heading\" id=\"borrego-soto-miguel-angel\">Borrego Soto, Miguel \u00c1ngel:<\/h3>\n\n\n\n<ul class=\"wp-block-list\">\n<li><a href=\"https:\/\/www.alandalusylahistoria.com\/?p=2446\">\u00abLa difusi\u00f3n de las Maqamat de al-Hariri en Jerez\u00bb<\/a>.<\/li>\n\n\n\n<li><a href=\"https:\/\/www.alandalusylahistoria.com\/?p=4931\">\u00abLa ciudad de Lakka y la batalla de w\u0101d\u012b Lakka: nueva propuesta de localizaci\u00f3n\u00bb<\/a>.<\/li>\n<\/ul>\n\n\n\n<hr class=\"wp-block-separator has-text-color has-yellow-color has-css-opacity has-yellow-background-color has-background\"\/>\n\n\n\n<h3 class=\"wp-block-heading\" id=\"cabo-gonzalez-ana-m\">Cabo Gonz\u00e1lez, Ana M.:<\/h3>\n\n\n\n<ul class=\"wp-block-list\">\n<li><a href=\"https:\/\/www.alandalusylahistoria.com\/?p=2977\">\u00abIbn al-Bay\u1e6d\u0101r y la farmacolog\u00eda medieval\u00bb<\/a>.<\/li>\n\n\n\n<li><a href=\"https:\/\/www.alandalusylahistoria.com\/?p=4426\">\u00abAlgunos remedios medicinales descritos en las obras farmacol\u00f3gicas andalus\u00edes (primera parte)\u00bb<\/a>.<\/li>\n\n\n\n<li><a href=\"https:\/\/www.alandalusylahistoria.com\/?p=4451\">\u00abAlgunos remedios medicinales descritos en las obras farmacol\u00f3gicas andalus\u00edes (segunda parte)\u00bb<\/a>.<\/li>\n\n\n\n<li><a href=\"https:\/\/www.alandalusylahistoria.com\/?p=4693\">\u00abLas grandes pandemias de la historia: la peste negra del siglo XIV vista por el almeriense Ibn Jatima\u00bb<\/a>.<\/li>\n<\/ul>\n\n\n\n<hr class=\"wp-block-separator has-text-color has-yellow-color has-css-opacity has-yellow-background-color has-background\"\/>\n\n\n\n<h3 class=\"wp-block-heading\" id=\"callatay-godefroid-de\">Calder\u00f3n Medina, In\u00e9s:<\/h3>\n\n\n\n<ul class=\"wp-block-list\">\n<li><a href=\"https:\/\/www.alandalusylahistoria.com\/?p=4954\">\u00abReconstruyendo y convirtiendo la ciudad isl\u00e1mica: mad\u012bnat May\u016brqa\u00bb<\/a>.<\/li>\n<\/ul>\n\n\n\n<hr class=\"wp-block-separator has-text-color has-yellow-color has-css-opacity has-yellow-background-color has-background\"\/>\n\n\n\n<h3 class=\"wp-block-heading\" id=\"callatay-godefroid-de\">Callata\u00ff, Godefroid de:<\/h3>\n\n\n\n<ul class=\"wp-block-list\">\n<li><a href=\"https:\/\/www.alandalusylahistoria.com\/?p=2719\">\u00abEl maestro en alquimia y magia\u00bb<\/a>.<\/li>\n\n\n\n<li><a href=\"https:\/\/www.alandalusylahistoria.com\/?p=2806\">\u00abLas Ep\u00edstolas de los Hermanos de la Pureza en al-Andalus\u00bb<\/a>.<\/li>\n<\/ul>\n\n\n\n<hr class=\"wp-block-separator has-text-color has-yellow-color has-css-opacity has-yellow-background-color has-background\"\/>\n\n\n\n<h3 class=\"wp-block-heading\" id=\"camarero-inmaculada\">Camarero, Inmaculada:<\/h3>\n\n\n\n<ul class=\"wp-block-list\">\n<li><a href=\"https:\/\/www.alandalusylahistoria.com\/?p=3516\">\u00ab\u00bfC\u00f3mo se afrontaron las calamidades agr\u00edcolas en al-Andalus? (primera parte)\u00bb<\/a>.<\/li>\n\n\n\n<li><a href=\"https:\/\/www.alandalusylahistoria.com\/?p=3547\">\u00ab\u00bfC\u00f3mo se afrontaron las calamidades agr\u00edcolas en al-Andalus? (segunda parte)\u00bb<\/a>.<\/li>\n<\/ul>\n\n\n\n<hr class=\"wp-block-separator has-text-color has-yellow-color has-css-opacity has-yellow-background-color has-background\"\/>\n\n\n\n<h3 class=\"wp-block-heading\" id=\"cardoso-elsa\">Cardoso, Elsa:<\/h3>\n\n\n\n<ul class=\"wp-block-list\">\n<li><a href=\"https:\/\/www.alandalusylahistoria.com\/?p=2786\">\u00abEn memoria de Filomena Barros\u00bb<\/a>.<\/li>\n\n\n\n<li><a href=\"https:\/\/www.alandalusylahistoria.com\/?p=2956\">\u00abLuis XIV, Versalles y Mad\u012bnat al-Zahr\u0101\u2019: \u00bfun modelo de sociedad de corte?\u00bb<\/a>.<\/li>\n\n\n\n<li><a href=\"https:\/\/www.alandalusylahistoria.com\/?p=5050\">\u00abAl-Mu\u201btamid entre el imaginario y el nacionalismo (primera parte)\u00bb<\/a>.<\/li>\n\n\n\n<li><a href=\"https:\/\/www.alandalusylahistoria.com\/?p=5066\">\u00abAl-Mu\u2019tamid entre el imaginario y el nacionalismo (segunda parte)\u00bb<\/a><\/li>\n<\/ul>\n\n\n\n<hr class=\"wp-block-separator has-text-color has-yellow-color has-css-opacity has-yellow-background-color has-background\"\/>\n\n\n\n<h3 class=\"wp-block-heading\">Carmona P\u00e9rez, Juan Manuel:<\/h3>\n\n\n\n<ul class=\"wp-block-list\">\n<li><a href=\"https:\/\/www.alandalusylahistoria.com\/?p=5476\">\u00abEntre m\u00e1rtires y \u201camigos de Dios\u201d: la santidad en el mundo isl\u00e1mico (siglos VII-XII)\u00bb<\/a><\/li>\n<\/ul>\n\n\n\n<hr class=\"wp-block-separator has-text-color has-yellow-color has-css-opacity has-yellow-background-color has-background\"\/>\n\n\n\n<h3 class=\"wp-block-heading\" id=\"catlos-brian-a\">Carvajal L\u00f3pez, Jos\u00e9 Crist\u00f3bal:<\/h3>\n\n\n\n<ul class=\"wp-block-list\">\n<li><a href=\"https:\/\/www.alandalusylahistoria.com\/?p=4758\">\u00abLa islamizaci\u00f3n desde el punto de vista de la historia y la arqueolog\u00eda \u2013 Parte 1: historiograf\u00eda\u00bb<\/a>.<\/li>\n\n\n\n<li><a href=\"https:\/\/www.alandalusylahistoria.com\/?p=4783\">\u00abLa islamizaci\u00f3n desde el punto de vista de la historia y la arqueolog\u00eda \u2013 Parte 2: en busca de una definici\u00f3n\u00bb<\/a>.<\/li>\n<\/ul>\n\n\n\n<hr class=\"wp-block-separator has-text-color has-yellow-color has-css-opacity has-yellow-background-color has-background\"\/>\n\n\n\n<h3 class=\"wp-block-heading\" id=\"catlos-brian-a\">Catlos, Brian A.:<\/h3>\n\n\n\n<ul class=\"wp-block-list\">\n<li><a href=\"https:\/\/www.alandalusylahistoria.com\/?p=2097\">\u00ab&#8216;Conveniencia&#8217; en tiempos de los Reinos Taifas\u00bb<\/a>.<\/li>\n<\/ul>\n\n\n\n<hr class=\"wp-block-separator has-text-color has-yellow-color has-css-opacity has-yellow-background-color has-background\"\/>\n\n\n\n<h3 class=\"wp-block-heading\" id=\"christys-ann\">Christys, Ann:<\/h3>\n\n\n\n<ul class=\"wp-block-list\">\n<li><a href=\"https:\/\/www.alandalusylahistoria.com\/?p=3951\">\u00abLos vikingos en al-Andalus y el Magreb\u00bb<\/a>.<\/li>\n\n\n\n<li><a href=\"https:\/\/www.alandalusylahistoria.com\/?p=4649\">\u00ab\u00bfTodos los caminos llevan a C\u00f3rdoba?\u00bb<\/a>.<\/li>\n\n\n\n<li><a href=\"https:\/\/www.alandalusylahistoria.com\/?p=5384\">\u00abDos reinas no musulmanas en la literatura isl\u00e1mica\u00bb<\/a><\/li>\n\n\n\n<li><a href=\"https:\/\/www.alandalusylahistoria.com\/?p=5323\">\u00abM\u00fasica andalus\u00ed en el pasado y en la actualidad\u00bb<\/a><\/li>\n<\/ul>\n\n\n\n<hr class=\"wp-block-separator has-text-color has-yellow-color has-css-opacity has-yellow-background-color has-background\"\/>\n\n\n\n<h3 class=\"wp-block-heading\" id=\"dominguez-diaz-marta\">Demichelis, Marco:<\/h3>\n\n\n\n<ul class=\"wp-block-list\">\n<li><a href=\"https:\/\/www.alandalusylahistoria.com\/?p=3863\">\u00abMusulmanes en Saint Tropez: al-Andalus fuera de al-Andalus.&nbsp;Datos hist\u00f3ricos, narrativas y dudas sobre \u0176abal al-Qil\u0101l\u00bb<\/a>.<\/li>\n<\/ul>\n\n\n\n<hr class=\"wp-block-separator has-text-color has-yellow-color has-css-opacity has-yellow-background-color has-background\"\/>\n\n\n\n<h3 class=\"wp-block-heading\" id=\"dominguez-diaz-marta\">Dom\u00ednguez D\u00edaz, Marta:<\/h3>\n\n\n\n<ul class=\"wp-block-list\">\n<li><a href=\"https:\/\/www.alandalusylahistoria.com\/?p=3257\" target=\"_blank\" rel=\"noreferrer noopener\">\u00abPasado y presente de los andalus\u00edes en T\u00fanez\u00bb<\/a>.<\/li>\n<\/ul>\n\n\n\n<hr class=\"wp-block-separator has-text-color has-yellow-color has-css-opacity has-yellow-background-color has-background\"\/>\n\n\n\n<h3 class=\"wp-block-heading\" id=\"duckworth-chloe\">Duckworth, Chloe:<\/h3>\n\n\n\n<ul class=\"wp-block-list\">\n<li><a href=\"https:\/\/www.alandalusylahistoria.com\/?p=3334\">\u00abProducci\u00f3n y manufactura del vidrio en al-Andalus\u00bb<\/a>.<\/li>\n<\/ul>\n\n\n\n<hr class=\"wp-block-separator has-text-color has-yellow-color has-css-opacity has-yellow-background-color has-background\"\/>\n\n\n\n<h3 class=\"wp-block-heading\" id=\"elices-ocon-jorge\">Elices Oc\u00f3n, Jorge:<\/h3>\n\n\n\n<ul class=\"wp-block-list\">\n<li><a href=\"https:\/\/www.alandalusylahistoria.com\/?p=3582\">\u00ab\u00bfSignificaba lo mismo el pasado para un musulm\u00e1n que para un cristiano?\u00bb<\/a><\/li>\n<\/ul>\n\n\n\n<hr class=\"wp-block-separator has-text-color has-yellow-color has-alpha-channel-opacity has-yellow-background-color has-background\"\/>\n\n\n\n<h3 class=\"wp-block-heading\">El Outmani, Ismail:<\/h3>\n\n\n\n<ul class=\"wp-block-list\">\n<li><a href=\"https:\/\/www.alandalusylahistoria.com\/?p=4596\">\u00abAl-Andalus seg\u00fan al-\u1e24a\u0177ar\u00ed\u00bb<\/a>.<\/li>\n<\/ul>\n\n\n\n<hr class=\"wp-block-separator has-text-color has-yellow-color has-alpha-channel-opacity has-yellow-background-color has-background\"\/>\n\n\n\n<h3 class=\"wp-block-heading\" id=\"franco-llopis-borja\">Fialho, Manuel:<\/h3>\n\n\n\n<ul class=\"wp-block-list\">\n<li><a href=\"https:\/\/www.alandalusylahistoria.com\/?p=4110\">\u00abLisboa en Garb al-Andalus al-Aq\u1e63\u0101\u00bb<\/a>.<\/li>\n<\/ul>\n\n\n\n<hr class=\"wp-block-separator has-text-color has-yellow-color has-css-opacity has-yellow-background-color has-background\"\/>\n\n\n\n<h3 class=\"wp-block-heading\" id=\"franco-llopis-borja\">Franco Llopis, Borja:<\/h3>\n\n\n\n<ul class=\"wp-block-list\">\n<li><a href=\"http:\/\/www.alandalusylahistoria.com\/?p=688\">\u00abEl bautismo de los musulmanes\u00bb<\/a>.<\/li>\n<\/ul>\n\n\n\n<hr class=\"wp-block-separator has-text-color has-yellow-color has-css-opacity has-yellow-background-color has-background\"\/>\n\n\n\n<h3 class=\"wp-block-heading\">Fuente P\u00e9rez, Mar\u00eda Jes\u00fas:<\/h3>\n\n\n\n<ul class=\"wp-block-list\">\n<li><a href=\"https:\/\/www.alandalusylahistoria.com\/?p=5274\">\u00abMi amiga Mari\u00e9n. Mujeres musulmanas y sus v\u00ednculos con cristianas y jud\u00edas en la pen\u00ednsula ib\u00e9rica medieval\u00bb<\/a><\/li>\n<\/ul>\n\n\n\n<hr class=\"wp-block-separator has-text-color has-yellow-color has-css-opacity has-yellow-background-color has-background\"\/>\n\n\n\n<h3 class=\"wp-block-heading\" id=\"garcia-arenal-mercedes\">Garc\u00eda-Arenal, Mercedes:<\/h3>\n\n\n\n<ul class=\"wp-block-list\">\n<li><a href=\"https:\/\/www.alandalusylahistoria.com\/?p=2755\">\u00abLa expulsi\u00f3n de los moriscos\u00bb<\/a>.<\/li>\n\n\n\n<li><a href=\"https:\/\/www.alandalusylahistoria.com\/?p=4241\">\u00abEl Cor\u00e1n en Europa, el Cor\u00e1n en Espa\u00f1a: un proyecto de historia cultural\u00bb<\/a>.<\/li>\n\n\n\n<li>\u00ab<a href=\"https:\/\/www.alandalusylahistoria.com\/?p=4679\">The Expulsion of the Moriscos<\/a>\u00ab.<\/li>\n<\/ul>\n\n\n\n<hr class=\"wp-block-separator has-text-color has-yellow-color has-css-opacity has-yellow-background-color has-background\"\/>\n\n\n\n<h3 class=\"wp-block-heading\" id=\"garcia-fitz-francisco\">Garc\u00eda F\u00edtz, Francisco:<\/h3>\n\n\n\n<ul class=\"wp-block-list\">\n<li><a href=\"http:\/\/www.alandalusylahistoria.com\/?p=1410\">\u00ab&#8216;Mio amigo es de paz&#8217;: alianzas pol\u00edticas entre cristianos y musulmanes en la Edad Media ib\u00e9rica\u00bb<\/a>.<\/li>\n\n\n\n<li><a href=\"https:\/\/www.alandalusylahistoria.com\/?p=4481\" target=\"_blank\" rel=\"noreferrer noopener\">\u00ab&#8216;Como ebrios sin estar ebrios&#8217;. La conquista de Sevilla en su 775 aniversario\u00bb<\/a>.<\/li>\n<\/ul>\n\n\n\n<hr class=\"wp-block-separator has-text-color has-yellow-color has-css-opacity has-yellow-background-color has-background\"\/>\n\n\n\n<h3 class=\"wp-block-heading\">Garc\u00eda Garc\u00eda, Marcos:<\/h3>\n\n\n\n<ul class=\"wp-block-list\">\n<li><a href=\"https:\/\/www.alandalusylahistoria.com\/?p=5528\">\u00abLo que cuenta la basura: alimentaci\u00f3n y cambio social durante la formaci\u00f3n de al-Andalus\u00bb<\/a><\/li>\n<\/ul>\n\n\n\n<hr class=\"wp-block-separator has-text-color has-yellow-color has-css-opacity has-yellow-background-color has-background\"\/>\n\n\n\n<h3 class=\"wp-block-heading\" id=\"garulo-teresa\">Garulo, Teresa:<\/h3>\n\n\n\n<ul class=\"wp-block-list\">\n<li><a rel=\"noreferrer noopener\" href=\"https:\/\/www.alandalusylahistoria.com\/?p=3431\" target=\"_blank\">\u00abLas poetisas andalus\u00edes: en torno a Wall\u0101da\u00bb<\/a>.<\/li>\n<\/ul>\n\n\n\n<hr class=\"wp-block-separator has-text-color has-yellow-color has-css-opacity has-yellow-background-color has-background\"\/>\n\n\n\n<h3 class=\"wp-block-heading\" id=\"gil-benumeya-daniel\">Gil-Benumeya, Daniel:<\/h3>\n\n\n\n<ul class=\"wp-block-list\">\n<li><a href=\"https:\/\/www.alandalusylahistoria.com\/?p=3716\">\u00abEl Madrid andalus\u00ed, entre la historia y la memoria\u00bb<\/a>.<\/li>\n<\/ul>\n\n\n\n<hr class=\"wp-block-separator has-text-color has-yellow-color has-css-opacity has-yellow-background-color has-background\"\/>\n\n\n\n<h3 class=\"wp-block-heading\">Gonz\u00e1lez Cavero, Ignacio:<\/h3>\n\n\n\n<ul class=\"wp-block-list\">\n<li><a href=\"https:\/\/www.alandalusylahistoria.com\/?p=4187\">\u00abEl emirato de Ibn Mardan\u012b\u0161: un periodo de esplendor pol\u00edtico y cultural en el levante andalus\u00ed\u00bb<\/a>.<\/li>\n<\/ul>\n\n\n\n<hr class=\"wp-block-separator has-text-color has-yellow-color has-alpha-channel-opacity has-yellow-background-color has-background\"\/>\n\n\n\n<h3 class=\"wp-block-heading\" id=\"govantes-edwards-david\">Govantes-Edwards, David:<\/h3>\n\n\n\n<ul class=\"wp-block-list\">\n<li><a href=\"https:\/\/www.alandalusylahistoria.com\/?p=3334\">\u00abProducci\u00f3n y manufactura del vidrio en al-Andalus\u00bb<\/a>.<\/li>\n<\/ul>\n\n\n\n<hr class=\"wp-block-separator has-text-color has-yellow-color has-alpha-channel-opacity has-yellow-background-color has-background\"\/>\n\n\n\n<h3 class=\"wp-block-heading\">Helgason, \u00deorsteinn:<\/h3>\n\n\n\n<ul class=\"wp-block-list\">\n<li><a href=\"https:\/\/www.alandalusylahistoria.com\/?p=4537\" target=\"_blank\" rel=\"noreferrer noopener\">\u00abLa incursi\u00f3n &#8216;turca&#8217; en Islandia de 1627\u00bb<\/a>.<\/li>\n\n\n\n<li><a href=\"https:\/\/www.alandalusylahistoria.com\/?p=4546\">\u00abThe 1627 Turkish Raid on Iceland\u00bb<\/a>.<\/li>\n<\/ul>\n\n\n\n<hr class=\"wp-block-separator has-text-color has-yellow-color has-alpha-channel-opacity has-yellow-background-color has-background\"\/>\n\n\n\n<h3 class=\"wp-block-heading\" id=\"hernandez-perez-azucena\">Hern\u00e1ndez P\u00e9rez, Azucena:<\/h3>\n\n\n\n<ul class=\"wp-block-list\">\n<li>\u00ab<a href=\"http:\/\/www.alandalusylahistoria.com\/?p=1318\">Astrolabios en al-Andalus: una historia de \u00e9xito\u00bb<\/a>.<\/li>\n<\/ul>\n\n\n\n<hr class=\"wp-block-separator has-text-color has-yellow-color has-alpha-channel-opacity has-yellow-background-color has-background\"\/>\n\n\n\n<h3 class=\"wp-block-heading\">Hern\u00e1ndez Robles, Alicia:<\/h3>\n\n\n\n<ul class=\"wp-block-list\">\n<li><a href=\"https:\/\/www.alandalusylahistoria.com\/?p=5249\">\u00abAlojarse en un funduq en al-Andalus\u00bb<\/a><\/li>\n<\/ul>\n\n\n\n<hr class=\"wp-block-separator has-text-color has-yellow-color has-alpha-channel-opacity has-yellow-background-color has-background\"\/>\n\n\n\n<h3 class=\"wp-block-heading\">Jim\u00e9nez, Alfonso:<\/h3>\n\n\n\n<ul class=\"wp-block-list\">\n<li><a href=\"https:\/\/www.alandalusylahistoria.com\/?p=4316\">\u00abLa mezquita de Tinmal\u00bb<\/a>.<\/li>\n<\/ul>\n\n\n\n<hr class=\"wp-block-separator has-text-color has-yellow-color has-alpha-channel-opacity has-yellow-background-color has-background\"\/>\n\n\n\n<h3 class=\"wp-block-heading\" id=\"jimenez-rayado-eduardo\">Jim\u00e9nez Rayado, Eduardo:<\/h3>\n\n\n\n<ul class=\"wp-block-list\">\n<li><a href=\"https:\/\/www.alandalusylahistoria.com\/?p=3988\">\u00abEl Madrid mud\u00e9jar\u00bb<\/a>.<\/li>\n<\/ul>\n\n\n\n<hr class=\"wp-block-separator has-text-color has-yellow-color has-alpha-channel-opacity has-yellow-background-color has-background\"\/>\n\n\n\n<h3 class=\"wp-block-heading\" id=\"jreis-navarro-laila-m\">Jreis Navarro, Laila M.:<\/h3>\n\n\n\n<ul class=\"wp-block-list\">\n<li><a href=\"https:\/\/www.alandalusylahistoria.com\/?p=3470\">\u00abAdalides \u00e1rabes de la transici\u00f3n en el Occidente isl\u00e1mico\u00bb<\/a>.<\/li>\n<\/ul>\n\n\n\n<hr class=\"wp-block-separator has-text-color has-yellow-color has-alpha-channel-opacity has-yellow-background-color has-background\"\/>\n\n\n\n<h3 class=\"wp-block-heading\" id=\"kimmel-seth\">Kimmel, Seth:<\/h3>\n\n\n\n<ul class=\"wp-block-list\">\n<li><a href=\"http:\/\/www.alandalusylahistoria.com\/?p=1470\">\u00abLeer el monstruo\u00bb<\/a>.<\/li>\n<\/ul>\n\n\n\n<hr class=\"wp-block-separator has-text-color has-yellow-color has-css-opacity has-yellow-background-color has-background\"\/>\n\n\n\n<h3 class=\"wp-block-heading\" id=\"lopez-garcia-bernabe\">Labarta, Ana:<\/h3>\n\n\n\n<ul class=\"wp-block-list\">\n<li><a href=\"https:\/\/www.alandalusylahistoria.com\/?p=3774\">\u00abCartas desde Granada de los soberanos nazar\u00edes\u00bb<\/a>.<\/li>\n\n\n\n<li><a href=\"https:\/\/www.alandalusylahistoria.com\/?p=4038\">\u00ab\u00bfEl anillo de Boabdil? Anillos-sello y matrices sigilares en al-Andalus\u00bb<\/a>.<\/li>\n\n\n\n<li><a href=\"https:\/\/www.alandalusylahistoria.com\/?p=4515\" target=\"_blank\" rel=\"noreferrer noopener\">\u00abEl herce, elemento de la cultura material morisca\u00bb<\/a>.<\/li>\n<\/ul>\n\n\n\n<hr class=\"wp-block-separator has-text-color has-yellow-color has-css-opacity has-yellow-background-color has-background\"\/>\n\n\n\n<h3 class=\"wp-block-heading\">Lapiedra, Eva:<\/h3>\n\n\n\n<ul class=\"wp-block-list\">\n<li><a href=\"https:\/\/www.alandalusylahistoria.com\/?p=5447\">\u00abEl ataque por sorpresa a una ciudad amurallada: un tema hist\u00f3rico y literario que traspasa fronteras\u00bb<\/a><\/li>\n<\/ul>\n\n\n\n<hr class=\"wp-block-separator has-text-color has-yellow-color has-css-opacity has-yellow-background-color has-background\"\/>\n\n\n\n<h3 class=\"wp-block-heading\" id=\"lopez-garcia-bernabe\">L\u00f3pez Garc\u00eda, Bernab\u00e9:<\/h3>\n\n\n\n<ul class=\"wp-block-list\">\n<li><a href=\"http:\/\/www.alandalusylahistoria.com\/?p=1297\">\u00abLos moros amigos\u00bb<\/a>.<\/li>\n<\/ul>\n\n\n\n<hr class=\"wp-block-separator has-text-color has-yellow-color has-css-opacity has-yellow-background-color has-background\"\/>\n\n\n\n<h3 class=\"wp-block-heading\">Luque Vargas, Paola:<\/h3>\n\n\n\n<ul class=\"wp-block-list\">\n<li><a href=\"https:\/\/www.alandalusylahistoria.com\/?p=4666\">\u00abMustajla\u1e63: el patrimonio particular de los emires nazar\u00edes\u00bb<\/a>.<\/li>\n<\/ul>\n\n\n\n<hr class=\"wp-block-separator has-text-color has-yellow-color has-css-opacity has-yellow-background-color has-background\"\/>\n\n\n\n<h3 class=\"wp-block-heading\" id=\"negre-joan\">Negre, Joan:<\/h3>\n\n\n\n<ul class=\"wp-block-list\">\n<li><a href=\"https:\/\/www.alandalusylahistoria.com\/?p=2851\">\u00abLos bahriyyun de Tortosa, navegantes en mar revuelto\u00bb<\/a>.<\/li>\n<\/ul>\n\n\n\n<hr class=\"wp-block-separator has-text-color has-yellow-color has-alpha-channel-opacity has-yellow-background-color has-background\"\/>\n\n\n\n<h3 class=\"wp-block-heading\" id=\"mandala-giuseppe\">Mandal\u00e0, Giuseppe:<\/h3>\n\n\n\n<ul class=\"wp-block-list\">\n<li>\u00ab<a href=\"http:\/\/www.alandalusylahistoria.com\/?p=593\">La ciudad de Roma en la historia y el imaginario arabo-isl\u00e1mico medieval\u00bb<\/a>.<\/li>\n\n\n\n<li><a href=\"http:\/\/www.alandalusylahistoria.com\/?p=908\">\u00ab<em>Futihat Siqilliyya<\/em>: breve aproximaci\u00f3n hist\u00f3rica a la conquista isl\u00e1mica de Sicilia (827-965)\u00bb<\/a>.<\/li>\n\n\n\n<li>\u00ab<a href=\"http:\/\/www.alandalusylahistoria.com\/?p=1181\">Una relaci\u00f3n de larga duraci\u00f3n: arte y cultura \u00e1rabe en Sicilia\u00bb<\/a>.<\/li>\n<\/ul>\n\n\n\n<hr class=\"wp-block-separator has-text-color has-yellow-color has-css-opacity has-yellow-background-color has-background\"\/>\n\n\n\n<h3 class=\"wp-block-heading\" id=\"martos-quesada-juan\">Martos Quesada, Juan:<\/h3>\n\n\n\n<ul class=\"wp-block-list\">\n<li>\u00ab<a href=\"http:\/\/www.alandalusylahistoria.com\/?p=1675\">La diversidad de jueces en al-Andalus\u00bb<\/a>.<\/li>\n<\/ul>\n\n\n\n<hr class=\"wp-block-separator has-text-color has-yellow-color has-css-opacity has-yellow-background-color has-background\"\/>\n\n\n\n<h3 class=\"wp-block-heading\">Mazzoli-Guintard, Christine:<\/h3>\n\n\n\n<ul class=\"wp-block-list\">\n<li><a href=\"https:\/\/www.alandalusylahistoria.com\/?p=4221\">\u00ab\u00bfHubo barrios de jud\u00edos y de cristianos en las ciudades andalus\u00edes?\u00bb<\/a><\/li>\n<\/ul>\n\n\n\n<hr class=\"wp-block-separator has-text-color has-yellow-color has-alpha-channel-opacity has-yellow-background-color has-background\"\/>\n\n\n\n<h3 class=\"wp-block-heading\" id=\"miranda-ana\">Miranda, Ana:<\/h3>\n\n\n\n<ul class=\"wp-block-list\">\n<li><a href=\"https:\/\/www.alandalusylahistoria.com\/?p=3884\">\u00abGharb al-Andalus: \u00bfun \u00absalvaje oeste\u00bb del mundo isl\u00e1mico?\u00bb<\/a><\/li>\n<\/ul>\n\n\n\n<hr class=\"wp-block-separator has-text-color has-yellow-color has-css-opacity has-yellow-background-color has-background\"\/>\n\n\n\n<h3 class=\"wp-block-heading\" id=\"montel-aurelien\">Monteira Arias, In\u00e9s:<\/h3>\n\n\n\n<ul class=\"wp-block-list\">\n<li><a href=\"https:\/\/www.alandalusylahistoria.com\/?p=5147\">\u00abEstandartes y divisas andalus\u00edes en el arte de los reinos cristianos (siglos X-XIII) (Parte I)\u00bb<\/a><\/li>\n\n\n\n<li><a href=\"https:\/\/www.alandalusylahistoria.com\/?p=5170\">\u00abEstandartes y divisas andalus\u00edes en el arte de los reinos cristianos (siglos X-XIII) (Parte II)\u00bb<\/a><\/li>\n<\/ul>\n\n\n\n<hr class=\"wp-block-separator has-text-color has-yellow-color has-css-opacity has-yellow-background-color has-background\"\/>\n\n\n\n<h3 class=\"wp-block-heading\" id=\"montel-aurelien\">Montel, Aur\u00e9lien:<\/h3>\n\n\n\n<ul class=\"wp-block-list\">\n<li><a href=\"https:\/\/www.alandalusylahistoria.com\/?p=2825\">\u00abCuando Fez era una ciudad andalus\u00ed\u00bb<\/a>.<\/li>\n<\/ul>\n\n\n\n<hr class=\"wp-block-separator has-text-color has-yellow-color has-css-opacity has-yellow-background-color has-background\"\/>\n\n\n\n<h3 class=\"wp-block-heading\" id=\"nogales-rincon-david\">Moreno-Narganes, Jos\u00e9 Mar\u00eda:<\/h3>\n\n\n\n<ul class=\"wp-block-list\">\n<li><a href=\"https:\/\/www.alandalusylahistoria.com\/?p=5205\">\u00abEl textil en al-Andalus: de la revoluci\u00f3n verde a la producci\u00f3n dom\u00e9stica\u00bb<\/a><\/li>\n<\/ul>\n\n\n\n<hr class=\"wp-block-separator has-text-color has-yellow-color has-css-opacity has-yellow-background-color has-background\"\/>\n\n\n\n<h3 class=\"wp-block-heading\" id=\"nogales-rincon-david\">Nogales Rinc\u00f3n, David:<\/h3>\n\n\n\n<ul class=\"wp-block-list\">\n<li><a href=\"http:\/\/www.alandalusylahistoria.com\/?p=1448\">\u00abPoder y recepci\u00f3n cultural en la Edad Media  peninsular: pautas y modelos suntuarios, rituales y art\u00edsticos isl\u00e1micos  en la corte real de Castilla\u00bb<\/a>.<\/li>\n\n\n\n<li><a href=\"https:\/\/www.alandalusylahistoria.com\/?p=1508\">\u00ab&#8216;Gineta&#8217; y &#8216;ginetes&#8217;: un modo de monta ecuestre andalus\u00ed en la Castilla tardomedieval\u00bb<\/a>.<\/li>\n<\/ul>\n\n\n\n<hr class=\"wp-block-separator has-text-color has-yellow-color has-css-opacity has-yellow-background-color has-background\"\/>\n\n\n\n<h3 class=\"wp-block-heading\" id=\"ortega-julian-m\">Ortega, Juli\u00e1n M.:<\/h3>\n\n\n\n<ul class=\"wp-block-list\">\n<li><a href=\"https:\/\/www.alandalusylahistoria.com\/?p=3080\">\u00abLa paradoja taifa\u00bb<\/a>.<\/li>\n<\/ul>\n\n\n\n<hr class=\"wp-block-separator has-text-color has-yellow-color has-css-opacity has-yellow-background-color has-background\"\/>\n\n\n\n<h3 class=\"wp-block-heading\" id=\"palacios-ontalva-j-santiago\">Palacios Ontalva, J. Santiago:<\/h3>\n\n\n\n<ul class=\"wp-block-list\">\n<li>\u00ab<a href=\"http:\/\/www.alandalusylahistoria.com\/?p=1848\">Tumbas y memoria funeraria en al-Andalus\u00bb<\/a>.<\/li>\n\n\n\n<li><a href=\"https:\/\/www.alandalusylahistoria.com\/?p=2608\">\u00abAl-Andalus, un pa\u00eds fortificado (primera parte)\u00bb<\/a>.<\/li>\n\n\n\n<li><a rel=\"noreferrer noopener\" href=\"https:\/\/www.alandalusylahistoria.com\/?p=2645\" target=\"_blank\">\u00abAl-Andalus, un pa\u00eds fortificado (segunda parte)\u00bb<\/a>.<\/li>\n<\/ul>\n\n\n\n<hr class=\"wp-block-separator has-text-color has-yellow-color has-css-opacity has-yellow-background-color has-background\"\/>\n\n\n\n<h3 class=\"wp-block-heading\" id=\"pages-poyatos-andrea\">Pag\u00e8s Poyatos, Andrea:<\/h3>\n\n\n\n<ul class=\"wp-block-list\">\n<li><a href=\"http:\/\/www.alandalusylahistoria.com\/?p=1057\">\u00abDe la invisibilidad al reconocimiento: mujeres que hicieron (y siguen haciendo) Historia medieval\u00bb<\/a>.<\/li>\n<\/ul>\n\n\n\n<hr class=\"wp-block-separator has-text-color has-yellow-color has-css-opacity has-yellow-background-color has-background\"\/>\n\n\n\n<h3 class=\"wp-block-heading\" id=\"peinado-santaella-rafael-g\">Peinado Santaella, Rafael G.:<\/h3>\n\n\n\n<ul class=\"wp-block-list\">\n<li><a href=\"http:\/\/www.alandalusylahistoria.com\/?p=983\">\u00ab<\/a>&#8216;<a href=\"http:\/\/www.alandalusylahistoria.com\/?p=983\">Entre paz y guerra&#8217;: la coyuntura mud\u00e9jar en el reino de Granada\u00bb<\/a>.<\/li>\n\n\n\n<li><a href=\"http:\/\/www.alandalusylahistoria.com\/?p=930\">\u00abEl final de al-Andalus percibido desde dentro\u00bb<\/a>.<\/li>\n\n\n\n<li><a href=\"https:\/\/www.alandalusylahistoria.com\/?p=3018\">\u00abLa \u00faltima frontera de al-Andalus\u00bb<\/a>.<\/li>\n<\/ul>\n\n\n\n<hr class=\"wp-block-separator has-text-color has-yellow-color has-css-opacity has-yellow-background-color has-background\"\/>\n\n\n\n<h3 class=\"wp-block-heading\" id=\"pelaez-martin-alejandro\">Pel\u00e1ez Mart\u00edn, Alejandro:<\/h3>\n\n\n\n<ul class=\"wp-block-list\">\n<li><a href=\"https:\/\/www.alandalusylahistoria.com\/?p=4012\">\u00abCalifas y \u201cReyes de Taifas\u201d: la cuesti\u00f3n califal en el siglo XI\u00bb<\/a>.<\/li>\n<\/ul>\n\n\n\n<hr class=\"wp-block-separator has-text-color has-yellow-color has-css-opacity has-yellow-background-color has-background\"\/>\n\n\n\n<h3 class=\"wp-block-heading\" id=\"peterson-david\">Peterson, David:<\/h3>\n\n\n\n<ul class=\"wp-block-list\">\n<li><a href=\"https:\/\/www.alandalusylahistoria.com\/?p=3746\">\u00abLa presencia isl\u00e1mica en el noroeste peninsular. Problemas y propuestas\u00bb<\/a>.<\/li>\n<\/ul>\n\n\n\n<hr class=\"wp-block-separator has-text-color has-yellow-color has-css-opacity has-yellow-background-color has-background\"\/>\n\n\n\n<h3 class=\"wp-block-heading\" id=\"porrinas-gonzalez-david\">Pi\u00f1uela Garc\u00eda, Mila:<\/h3>\n\n\n\n<ul class=\"wp-block-list\">\n<li><a href=\"https:\/\/www.alandalusylahistoria.com\/?p=5122\">\u00abLos moc\u00e1rabes en Occidente\u00bb<\/a><\/li>\n<\/ul>\n\n\n\n<hr class=\"wp-block-separator has-text-color has-yellow-color has-css-opacity has-yellow-background-color has-background\"\/>\n\n\n\n<h3 class=\"wp-block-heading\" id=\"porrinas-gonzalez-david\">Porrinas Gonz\u00e1lez, David: <\/h3>\n\n\n\n<ul class=\"wp-block-list\">\n<li><a href=\"http:\/\/www.alandalusylahistoria.com\/?p=752\">\u00abEl Cid Campeador y los musulmanes\u00bb<\/a>.<\/li>\n\n\n\n<li>\u00ab<a href=\"https:\/\/www.alandalusylahistoria.com\/?p=4734\">El Cid Campeador and the Muslims<\/a>\u00ab.<\/li>\n<\/ul>\n\n\n\n<hr class=\"wp-block-separator has-text-color has-yellow-color has-alpha-channel-opacity has-yellow-background-color has-background\"\/>\n\n\n\n<h3 class=\"wp-block-heading\" id=\"proyecto-alm-islam\">Proyecto Alm*Islam:<\/h3>\n\n\n\n<ul class=\"wp-block-list\">\n<li><a href=\"https:\/\/www.alandalusylahistoria.com\/?p=2413\">\u00abLas musulmanas de Castilla\u00bb<\/a>.<\/li>\n<\/ul>\n\n\n\n<hr class=\"wp-block-separator has-text-color has-yellow-color has-alpha-channel-opacity has-yellow-background-color has-background\"\/>\n\n\n\n<h3 class=\"wp-block-heading\" id=\"rodriguez-gomez-maria-dolores\">R\u00edos Saloma, Mart\u00edn F.:<\/h3>\n\n\n\n<ul class=\"wp-block-list\">\n<li><a href=\"https:\/\/www.alandalusylahistoria.com\/?p=4065\" target=\"_blank\" rel=\"noreferrer noopener\">\u00abClaudio S\u00e1nchez-Albornoz y su visi\u00f3n de al-Andalus\u00bb<\/a>.<\/li>\n<\/ul>\n\n\n\n<hr class=\"wp-block-separator has-text-color has-yellow-color has-alpha-channel-opacity has-yellow-background-color has-background\"\/>\n\n\n\n<h3 class=\"wp-block-heading\" id=\"rodriguez-gomez-maria-dolores\">Rodr\u00edguez G\u00f3mez, Mar\u00eda Dolores:<\/h3>\n\n\n\n<ul class=\"wp-block-list\">\n<li><a href=\"https:\/\/www.alandalusylahistoria.com\/?p=3692\">\u00abAjuares en la Granada nazar\u00ed: la aportaci\u00f3n de la documentaci\u00f3n notarial\u00bb<\/a>.<\/li>\n<\/ul>\n\n\n\n<hr class=\"wp-block-separator has-text-color has-yellow-color has-alpha-channel-opacity has-yellow-background-color has-background\"\/>\n\n\n\n<h3 class=\"wp-block-heading\" id=\"samso-julio\">Rueda Gal\u00e1n, Luis:<\/h3>\n\n\n\n<ul class=\"wp-block-list\">\n<li><a href=\"https:\/\/www.alandalusylahistoria.com\/?p=5095\">\u00abDel minbar al sagrario: la conveniente conversi\u00f3n de las mezquitas andalus\u00edes\u00bb<\/a><\/li>\n<\/ul>\n\n\n\n<hr class=\"wp-block-separator has-text-color has-yellow-color has-alpha-channel-opacity has-yellow-background-color has-background\"\/>\n\n\n\n<h3 class=\"wp-block-heading\" id=\"samso-julio\">Sams\u00f3, Julio:<\/h3>\n\n\n\n<ul class=\"wp-block-list\">\n<li><a rel=\"noreferrer noopener\" href=\"https:\/\/www.alandalusylahistoria.com\/?p=2564\" target=\"_blank\">\u00abAl-Andalus, puente entre la ciencia isl\u00e1mica y la europea\u00bb<\/a>.<\/li>\n<\/ul>\n\n\n\n<hr class=\"wp-block-separator has-text-color has-yellow-color has-alpha-channel-opacity has-yellow-background-color has-background\"\/>\n\n\n\n<h3 class=\"wp-block-heading\" id=\"sarr-bilal\">Sarr, Bilal:<\/h3>\n\n\n\n<ul class=\"wp-block-list\">\n<li><a href=\"https:\/\/www.alandalusylahistoria.com\/?p=3483\">\u00abSer negro en el mundo arabo-isl\u00e1mico medieval\u00bb<\/a>.<\/li>\n<\/ul>\n\n\n\n<hr class=\"wp-block-separator has-text-color has-yellow-color has-alpha-channel-opacity has-yellow-background-color has-background\"\/>\n\n\n\n<h3 class=\"wp-block-heading\">Trillo San Jos\u00e9, Carmen:<\/h3>\n\n\n\n<ul class=\"wp-block-list\">\n<li><a href=\"https:\/\/www.alandalusylahistoria.com\/?p=5300\">\u00abEl contorno de Mad\u012bna Garn\u0101\u1e6da en \u00e9poca nazar\u00ed (siglos XIV-XV): la Vega de Granada\u00bb<\/a><\/li>\n<\/ul>\n\n\n\n<hr class=\"wp-block-separator has-text-color has-yellow-color has-alpha-channel-opacity has-yellow-background-color has-background\"\/>\n\n\n\n<h3 class=\"wp-block-heading\" id=\"vicente-angeles\">V\u00e9lez Pe\u00f1a, David:<\/h3>\n\n\n\n<ul class=\"wp-block-list\">\n<li><a href=\"https:\/\/www.alandalusylahistoria.com\/?p=4888\">\u00abLa \u00abReconquista\u00bb en Bachillerato seg\u00fan los manuales de Historia de Espa\u00f1a\u00bb<\/a>.<\/li>\n<\/ul>\n\n\n\n<hr class=\"wp-block-separator has-text-color has-yellow-color has-alpha-channel-opacity has-yellow-background-color has-background\"\/>\n\n\n\n<h3 class=\"wp-block-heading\" id=\"vicente-angeles\">Vicente, \u00c1ngeles:<\/h3>\n\n\n\n<ul class=\"wp-block-list\">\n<li><a href=\"https:\/\/www.alandalusylahistoria.com\/?p=3666\">\u00abLa arabizaci\u00f3n de al-Andalus\u00bb<\/a>.<\/li>\n<\/ul>\n\n\n\n<hr class=\"wp-block-separator has-text-color has-yellow-color has-alpha-channel-opacity has-yellow-background-color has-background\"\/>\n\n\n\n<h3 class=\"wp-block-heading\" id=\"wiegers-gerard\">Wiegers, Gerard:<\/h3>\n\n\n\n<ul class=\"wp-block-list\">\n<li><a href=\"https:\/\/www.alandalusylahistoria.com\/?p=2755\">\u00abLa expulsi\u00f3n de los moriscos\u00bb<\/a>.<\/li>\n\n\n\n<li><a href=\"https:\/\/www.alandalusylahistoria.com\/?p=4708\">\u00abLos Libros Pl\u00fambeos del Sacromonte\u00bb<\/a>.<\/li>\n\n\n\n<li>\u00ab<a href=\"https:\/\/www.alandalusylahistoria.com\/?p=4679\">The Expulsion of the Moriscos<\/a>\u00ab.<\/li>\n<\/ul>\n\n\n\n<hr class=\"wp-block-separator has-text-color has-yellow-color has-css-opacity has-yellow-background-color has-background\"\/>\n\n\n\n<h3 class=\"wp-block-heading\" id=\"zomeno-amalia\">Zome\u00f1o, Amalia:<\/h3>\n\n\n\n<ul class=\"wp-block-list\">\n<li><a href=\"https:\/\/www.alandalusylahistoria.com\/?p=3291\">\u201c\u2026 Le dixo que los guardase como los ojos de la cara\u201d: libros \u00e1rabes e Inquisici\u00f3n\u00bb<\/a>.<\/li>\n\n\n\n<li><a href=\"https:\/\/www.alandalusylahistoria.com\/?p=5463\">\u00abEl problema de las dos esposas o la poligamia en al-Andalus\u00bb<\/a><\/li>\n<\/ul>\n","protected":false},"excerpt":{"rendered":"<p>Almagro, Antonio: Arce Sainz, Fernando: Ballest\u00edn, Xavier: Barcel\u00f3, Carmen: Bellver, Jos\u00e9: Bernab\u00e9 Pons, Luis F.: Bongianino, Umberto: Borrego Soto, Miguel \u00c1ngel: Cabo Gonz\u00e1lez, Ana M.: Calder\u00f3n Medina, In\u00e9s: Callata\u00ff, Godefroid de: Camarero, Inmaculada: Cardoso, Elsa: Carmona P\u00e9rez, Juan Manuel: Carvajal L\u00f3pez, Jos\u00e9 Crist\u00f3bal: Catlos, Brian A.: Christys, Ann: Demichelis, Marco: Dom\u00ednguez D\u00edaz, Marta: Duckworth, Chloe:&#8230; <\/p>\n<div class=\"link-more\"><a href=\"https:\/\/www.alandalusylahistoria.com\/?page_id=377\">Leer M\u00e1s<\/a><\/div>\n","protected":false},"author":1,"featured_media":2849,"parent":0,"menu_order":0,"comment_status":"closed","ping_status":"closed","template":"","meta":{"_crdt_document":"","jetpack_post_was_ever_published":false,"footnotes":""},"coauthors":[261],"class_list":["post-377","page","type-page","status-publish","has-post-thumbnail","hentry"],"_links":{"self":[{"href":"https:\/\/www.alandalusylahistoria.com\/index.php?rest_route=\/wp\/v2\/pages\/377","targetHints":{"allow":["GET"]}}],"collection":[{"href":"https:\/\/www.alandalusylahistoria.com\/index.php?rest_route=\/wp\/v2\/pages"}],"about":[{"href":"https:\/\/www.alandalusylahistoria.com\/index.php?rest_route=\/wp\/v2\/types\/page"}],"author":[{"embeddable":true,"href":"https:\/\/www.alandalusylahistoria.com\/index.php?rest_route=\/wp\/v2\/users\/1"}],"replies":[{"embeddable":true,"href":"https:\/\/www.alandalusylahistoria.com\/index.php?rest_route=%2Fwp%2Fv2%2Fcomments&post=377"}],"version-history":[{"count":98,"href":"https:\/\/www.alandalusylahistoria.com\/index.php?rest_route=\/wp\/v2\/pages\/377\/revisions"}],"predecessor-version":[{"id":5545,"href":"https:\/\/www.alandalusylahistoria.com\/index.php?rest_route=\/wp\/v2\/pages\/377\/revisions\/5545"}],"wp:featuredmedia":[{"embeddable":true,"href":"https:\/\/www.alandalusylahistoria.com\/index.php?rest_route=\/wp\/v2\/media\/2849"}],"wp:attachment":[{"href":"https:\/\/www.alandalusylahistoria.com\/index.php?rest_route=%2Fwp%2Fv2%2Fmedia&parent=377"}],"wp:term":[{"taxonomy":"author","embeddable":true,"href":"https:\/\/www.alandalusylahistoria.com\/index.php?rest_route=%2Fwp%2Fv2%2Fcoauthors&post=377"}],"curies":[{"name":"wp","href":"https:\/\/api.w.org\/{rel}","templated":true}]}}