{"id":254,"date":"2018-07-06T16:57:54","date_gmt":"2018-07-06T16:57:54","guid":{"rendered":"http:\/\/www.alandalusylahistoria.com\/?page_id=254"},"modified":"2020-09-01T12:59:59","modified_gmt":"2020-09-01T10:59:59","slug":"libros-recomendados","status":"publish","type":"page","link":"https:\/\/www.alandalusylahistoria.com\/?page_id=254","title":{"rendered":"Libros recomendados"},"content":{"rendered":"\n<figure class=\"wp-block-image alignwide size-large\"><img data-recalc-dims=\"1\" loading=\"lazy\" decoding=\"async\" width=\"899\" height=\"257\" src=\"https:\/\/i0.wp.com\/www.alandalusylahistoria.com\/wp-content\/uploads\/2020\/07\/libros.jpg?resize=899%2C257&#038;ssl=1\" alt=\"\" class=\"wp-image-2152\" srcset=\"https:\/\/i0.wp.com\/www.alandalusylahistoria.com\/wp-content\/uploads\/2020\/07\/libros.jpg?w=899&amp;ssl=1 899w, https:\/\/i0.wp.com\/www.alandalusylahistoria.com\/wp-content\/uploads\/2020\/07\/libros.jpg?resize=300%2C86&amp;ssl=1 300w, https:\/\/i0.wp.com\/www.alandalusylahistoria.com\/wp-content\/uploads\/2020\/07\/libros.jpg?resize=768%2C220&amp;ssl=1 768w\" sizes=\"auto, (max-width: 899px) 100vw, 899px\" \/><\/figure>\n\n\n\n<h2 class=\"has-text-align-center wp-block-heading\"><b>Libros para iniciarse en la Historia de al-Andalus y temas relacionados:<\/b><\/h2>\n\n\n\n<p class=\"wp-block-paragraph\">Los libros aqu\u00ed reunidos lo han sido por las siguientes razones:<\/p>\n\n\n\n<ol class=\"wp-block-list\"><li>Por haber sido publicados por editoriales que buscaban acercar las publicaciones acad\u00e9micas a un p\u00fablico m\u00e1s amplio: es el caso de las obras publicadas por Mapfre en 1992 con motivo del V Centenario, tambi\u00e9n las publicadas por Abada, Bellaterra, Icaria, Nerea, N\u00edvola, Sarri\u00e1.<\/li><li>Por tratarse de monograf\u00edas que analizan temas espec\u00edficos de inter\u00e9s acad\u00e9mico (por ejemplo, la historia de la Granada nazar\u00ed o la influencia de al-Andalus) o bien presentan un estado de la cuesti\u00f3n. Lo que tienen en com\u00fan es que est\u00e1n bien fundamentadas en las fuentes y en la bibliograf\u00eda correspondiente al tema tratado, intentando al tiempo hacerlo accesible a lectores no especialistas.<\/li><\/ol>\n\n\n\n<p class=\"wp-block-paragraph\">Algunos de los libros incluidos son obra de quienes hemos puesto en marcha la revista <i>Al-Andalus y la historia<\/i>, pero la raz\u00f3n de hacerlo no ha sido dicha autor\u00eda sino el cumplir con alguno de estos dos criterios. Esta lista es una lista abierta que se ir\u00e1 ampliando con el tiempo.<\/p>\n\n\n\n<ul class=\"wp-block-list\"><li><strong>Albarr\u00e1n, Javier<\/strong>, <i>La cruz en la media luna. Los cristianos en al-Andalus: realidades y percepciones (siglos VIII-XIII)<\/i>, Murcia: Sociedad Espa\u00f1ola de Estudios Medievales-CSIC-Editum, 2013.<\/li><li><em><strong>Awraq<\/strong><\/em>, nos. 17-18 (2018): n\u00famero especial sobre <a href=\"http:\/\/awraq.es\/indice\/tema.aspx\" target=\"_blank\" rel=\"noreferrer noopener\">Ciencia en al-Andalus<\/a>.<\/li><li><strong>Ayala, Carlos de; Henriet, Patrick y Palacios, Santiago<\/strong>, <em><a rel=\"noreferrer noopener\" href=\"http:\/\/books.openedition.org\/cvz\/298\" target=\"_blank\">Or\u00edgenes y desarrollo de la guerra santa en la pen\u00ednsula ib\u00e9rica<\/a><\/em>, Madrid: Casa Vel\u00e1zquez, 2016.<\/li><li><strong>Bariani, Laura<\/strong>, <i>Almanzor, <\/i>San Sebasti\u00e1n: Nerea, 2002.<\/li><li><strong>Boloix, B\u00e1rbara<\/strong>, <i>Vida y reinado del primer sult\u00e1n de Granada (1195-1273)<\/i>, Universidad de Granada: Editorial Universidad de Granada, 2017.<\/li><li><strong>Bora, Fozia<\/strong>, <em> <a rel=\"noreferrer noopener\" aria-label=\"Writing History in the Medieval Islamic World: The Value of Chronicles as Archives (abre en una nueva pesta\u00f1a)\" href=\"https:\/\/www.bloomsbury.com\/us\/writing-history-in-the-medieval-islamic-world-9781784537302\/\" target=\"_blank\">Writing History in the Medieval Islamic World: The Value of Chronicles as Archives<\/a><\/em>, Londres, IB Tauris, 2019.<\/li><li><strong>de la Puente Gonz\u00e1lez, Cristina<\/strong>, <i>M\u00e9dicos de al-\u00c1ndalus. Perfumes, ung\u00fcentos y jarabes: Avenzoar, Averroes, Ibn al-Jatib<\/i>, Tres Cantos: N\u00edvola, 2003.<\/li><li><strong>Catlos, Brian<\/strong>, <a rel=\"noopener noreferrer\" href=\"http:\/\/pasadopresente.com\/component\/booklibraries\/bookdetails\/2019-05-13-10-01-18\" target=\"_blank\"><em>Reinos de fe: una nueva historia de la Espa\u00f1a musulmana<\/em><\/a>, Barcelona, Pasado &amp; Presente, 2019.<\/li><li><strong>Echevarr\u00eda Arsuaga, Ana<\/strong>, <i>La minor\u00eda isl\u00e1mica de los reinos cristianos medievales: moros, sarracenos, mud\u00e9jares<\/i>, M\u00e1laga: Sarri\u00e1, 2004.<\/li><li><strong>Fierro, Maribel<\/strong>, <i>Al-Andalus: saberes e intercambios culturales<\/i>, Barcelona: Icaria Editorial, 2001.<\/li><li><strong>Fierro, Maribel<\/strong>, <i>Abdarram\u00e1n III y el califato omeya de C\u00f3rdoba<\/i>, San Sebasti\u00e1n: Nerea, 2010.<\/li><li><strong>Furi\u00f3, Toni,<\/strong> <i>Historia de las Espa\u00f1as, un aproximaci\u00f3n cr\u00edtica<\/i>, Valencia: Editorial Tirant Humanidades, 2015.<\/li><li><strong>Garc\u00eda Arenal, Mercedes<\/strong>, <i>La di\u00e1spora de los andalus\u00edes<\/i>, Barcelona: Icaria Editorial, 2003.<\/li><li><strong>Garc\u00eda Fitz, Francisco<\/strong>, <i>La Reconquista<\/i>, Granada: Universidad de Granada, 2010.<\/li><li><strong>Garc\u00eda Sanju\u00e1n, Alejandro<\/strong>, <i>La conquista isl\u00e1mica de la Pen\u00ednsula Ib\u00e9rica y la tergiversaci\u00f3n del pasado:\u00a0del catastrofismo al negacionismo<\/i>, Madrid: Marcial Pons Historia, 2013.<\/li><li><strong>Garc\u00eda Sanju\u00e1n, Alejandro<\/strong>, <em><a rel=\"noreferrer noopener\" href=\"https:\/\/www.marcialpons.es\/libros\/yihad\/9788417945107\/\" target=\"_blank\">Yihad: la regulaci\u00f3n de la guerra en la doctrina isl\u00e1mica<\/a><\/em>, Madrid: Marcial Pons Historia, 2020.<\/li><li><strong>Guichard, Pierre<\/strong>, <i>Esplendor y fragilidad de al-Andalus<\/i>, Granada: Fundaci\u00f3n El Legado andalus\u00ed, 2015<\/li><li><strong>Guichard, Pierre y Bruna Soravia<\/strong>, <i>Los reinos de taifas: fragmentaci\u00f3n pol\u00edtica y esplendor cultural<\/i>, M\u00e1laga: Sarri\u00e1, 2005.<\/li><li><strong>Ladero Quesada, Miguel Angel<\/strong>, <i>Granada: historia de un pa\u00eds isl\u00e1mico, (1232-1571)<\/i>, Madrid: Gredos, 1969.<\/li><li><strong>Lirola Delgado, Jorge<\/strong>, <em>Almer\u00eda andalus\u00ed y su territorio: textos geogr\u00e1ficos<\/em>, Almer\u00eda: Fundaci\u00f3n Ibn Tufayl, 2005.<\/li><li><strong>Ma\u00edllo Salgado, Felipe<\/strong>, <em>De historiograf\u00eda \u00e1rabe<\/em>, Madrid: Abada, 2009.<\/li><li><strong>Ma\u00edllo Salgado, Felipe<\/strong>, <i>De la desaparici\u00f3n de al-Andalus<\/i>, Madrid: Abada, 2011.<\/li><li><strong>Ma\u00edllo Salgado, Felipe<\/strong>, <em>Diccionario de historia \u00e1rabe e isl\u00e1mica<\/em>, Madrid: Abada, 2013.<\/li><li><strong>Manzano, Eduardo<\/strong>, <em><a rel=\"noreferrer noopener\" aria-label=\"La corte del califa: cuatro a\u00f1os en la C\u00f3rdoba de los omeyas (abre en una nueva pesta\u00f1a)\" href=\"https:\/\/www.planetadelibros.com\/libro-la-corte-del-califa\/273095\" target=\"_blank\">La corte del califa: cuatro a\u00f1os en la C\u00f3rdoba de los omeyas<\/a><\/em>, Barcelona, Cr\u00edtica, 2019.<\/li><li><strong>Manzano, Euduardo<\/strong>, <i>Conquistadores, emires y califas: los omeyas y la formaci\u00f3n de al-Andalus<\/i>, Barcelona: Cr\u00edtica, 2011.<\/li><li><strong>Manzano, Eduardo<\/strong>, <i>Historia de Espa\u00f1a. Volumen 2: \u00c9pocas medievales<\/i>, Madrid: Marcial Pons, 2010.<\/li><li><strong>Mar\u00edn, Manuela<\/strong>, <a rel=\"noreferrer noopener\" aria-label=\"Al-Andalus\/Espa\u00f1a: Historiograf\u00edas en contraste, (abre en una nueva pesta\u00f1a)\" href=\"https:\/\/books.openedition.org\/cvz\/1363\" target=\"_blank\"><em>Al-Andalus\/Espa\u00f1a: Historiograf\u00edas en contraste<\/em>,<\/a> Madrid, Casa Vel\u00e1zquez, 2009.<\/li><li><strong>Mar\u00edn, Manuela<\/strong>, <i>Al-Andalus y los andalus\u00edes<\/i>, Barcelona: Icaria Editorial, 2000.<\/li><li><strong>Mar\u00edn, Manuela<\/strong>, <i>Individuo y sociedad en al-Andalus<\/i>, Madrid: Editorial Mapfre, 1992.<\/li><li><strong>Mar\u00edn, Manuela<\/strong>, <i>Vidas de mujeres andalus\u00edes<\/i>, M\u00e1laga: Sarri\u00e1, 2006.<\/li><li><strong>Marinetto, Purificaci\u00f3n<\/strong>, <em><a rel=\"noreferrer noopener\" href=\"https:\/\/es.calameo.com\/read\/0049246972294b8250873?fbclid=IwAR0JywYLTkM3hV7R5UqswAgeyXcg8JOFSm92mTUYSHp8vTP1xBU8aCApZgM\" target=\"_blank\">La representaci\u00f3n figurativa en el mundo musulm\u00e1n<\/a><\/em>, Granada: Junta de Andaluc\u00eda, 2020.<\/li><li><strong>Puerta V\u00edlchez, Jos\u00e9 Miguel<\/strong>, <i>La aventura del c\u00e1lamo: historia, formas y artistas de la caligraf\u00eda \u00e1rabe<\/i>, Granada: Edilux, 2007.<\/li><li><strong>Puerta V\u00edlchez, Jos\u00e9 Miguel<\/strong>, <i>Leer la Alhambra: gu\u00eda visual del monumento a trav\u00e9s de sus inscripciones\/textos<\/i>, Granada: Patronato de la Alhambra y Generalife, Edilux, 2010.<\/li><li><strong>Rodr\u00edguez Mediano, Fernando<\/strong>, <i>Humanismo y progreso. Romances, monumentos y arabismo: Pidal, G\u00f3mez-Moreno, As\u00edn<\/i>, Tres Cantos (Madrid): N\u00edvola, 2002.<\/li><li><strong>Sams\u00f3, Julio<\/strong>, <i>Las ciencias de los antiguos en al-Andalus<\/i>, Madrid: Editorial Mapfre, 1992; 2\u00aa ed. (con <i>addenda et corrigenda<\/i> a cargo de J. Sams\u00f3 y M. Forcada), Almer\u00eda: Fundaci\u00f3n Ibn Tufayl, 2011.<\/li><li><strong>Valencia, Rafael<\/strong>, <i>Al-Andalus y su herencia<\/i>, Catarata, 2011.<\/li><li><strong>Vernet, Juan,<\/strong> <i>La cultura hispano-\u00e1rabe en Oriente y Occidente<\/i>. Barcelona: Ariel, 1978. Nueva versi\u00f3n: <i>Lo que Europa debe al Islam de Espa\u00f1a<\/i>. Barcelona: El Acantilado, 1999.<\/li><li><strong>Viguera, M\u00aa Jes\u00fas<\/strong>, <i>Los Reinos de Taifas y las invasiones magreb\u00edes (Al-Andalus del XI al XIII)<\/i>, Madrid: Editorial Mapfre, 1992.<\/li><\/ul>\n\n\n\n<h2 class=\"wp-block-heading\">Obras de consulta y recursos online:<\/h2>\n\n\n\n<ul class=\"wp-block-list\"><li><strong>Biblioteca de al-Andalus:<\/strong> <a href=\"https:\/\/ibntufayl.org\/bibliotece-de-al-andalus\/\" target=\"_blank\" rel=\"noopener noreferrer\">https:\/\/ibntufayl.org\/bibliotece-de-al-andalus\/<\/a><\/li><li><strong>Historia de los Autores y Transmisores Andalus\u00edes (HATA):<\/strong> <a href=\"http:\/\/kohepocu.cchs.csic.es\/\" target=\"_blank\" rel=\"noopener noreferrer\">http:\/\/kohepocu.cchs.csic.es\/<\/a><\/li><li><strong>Prosopograf\u00eda de los Ulemas de al-Andalus (PUA):<\/strong> <a href=\"https:\/\/www.eea.csic.es\/pua\/\" target=\"_blank\" rel=\"noopener noreferrer\">https:\/\/www.eea.csic.es\/pua\/<\/a><\/li><li><strong>Biblioteca Virtual de Arabistas y Africanistas Espa\u00f1oles:<\/strong> <a href=\"https:\/\/sites.google.com\/site\/earabistasyafricanistas\/\" target=\"_blank\" rel=\"noopener noreferrer\">https:\/\/sites.google.com\/site\/earabistasyafricanistas\/<\/a><\/li><\/ul>\n","protected":false},"excerpt":{"rendered":"<p>Libros para iniciarse en la Historia de al-Andalus y temas relacionados: Los libros aqu\u00ed reunidos lo han sido por las siguientes razones: Por haber sido publicados por editoriales que buscaban acercar las publicaciones acad\u00e9micas a un p\u00fablico m\u00e1s amplio: es el caso de las obras publicadas por Mapfre en 1992 con motivo del V Centenario,&#8230; <\/p>\n<div class=\"link-more\"><a href=\"https:\/\/www.alandalusylahistoria.com\/?page_id=254\">Leer M\u00e1s<\/a><\/div>\n","protected":false},"author":1,"featured_media":0,"parent":0,"menu_order":0,"comment_status":"closed","ping_status":"closed","template":"","meta":{"_crdt_document":"","jetpack_post_was_ever_published":false,"footnotes":""},"coauthors":[],"class_list":["post-254","page","type-page","status-publish","hentry"],"_links":{"self":[{"href":"https:\/\/www.alandalusylahistoria.com\/index.php?rest_route=\/wp\/v2\/pages\/254","targetHints":{"allow":["GET"]}}],"collection":[{"href":"https:\/\/www.alandalusylahistoria.com\/index.php?rest_route=\/wp\/v2\/pages"}],"about":[{"href":"https:\/\/www.alandalusylahistoria.com\/index.php?rest_route=\/wp\/v2\/types\/page"}],"author":[{"embeddable":true,"href":"https:\/\/www.alandalusylahistoria.com\/index.php?rest_route=\/wp\/v2\/users\/1"}],"replies":[{"embeddable":true,"href":"https:\/\/www.alandalusylahistoria.com\/index.php?rest_route=%2Fwp%2Fv2%2Fcomments&post=254"}],"version-history":[{"count":15,"href":"https:\/\/www.alandalusylahistoria.com\/index.php?rest_route=\/wp\/v2\/pages\/254\/revisions"}],"predecessor-version":[{"id":2214,"href":"https:\/\/www.alandalusylahistoria.com\/index.php?rest_route=\/wp\/v2\/pages\/254\/revisions\/2214"}],"wp:attachment":[{"href":"https:\/\/www.alandalusylahistoria.com\/index.php?rest_route=%2Fwp%2Fv2%2Fmedia&parent=254"}],"wp:term":[{"taxonomy":"author","embeddable":true,"href":"https:\/\/www.alandalusylahistoria.com\/index.php?rest_route=%2Fwp%2Fv2%2Fcoauthors&post=254"}],"curies":[{"name":"wp","href":"https:\/\/api.w.org\/{rel}","templated":true}]}}