{"id":236,"date":"2018-07-06T15:57:55","date_gmt":"2018-07-06T15:57:55","guid":{"rendered":"http:\/\/www.alandalusylahistoria.com\/?page_id=236"},"modified":"2022-06-17T17:41:40","modified_gmt":"2022-06-17T15:41:40","slug":"manuela-marin","status":"publish","type":"page","link":"https:\/\/www.alandalusylahistoria.com\/?page_id=236","title":{"rendered":"Manuela Mar\u00edn"},"content":{"rendered":"\n<p class=\"wp-block-paragraph\">Profesora de Investigaci\u00f3n del CSIC. Entre sus publicaciones:<\/p>\n\n\n\n<h2 class=\"wp-block-heading\">Historia y sociedad de al-Andalus<\/h2>\n\n\n\n<ul class=\"wp-block-list\"><li><em>Individuo y sociedad en al-Andalus<\/em>. Madrid: Fundaci\u00f3n Mapfre, 1992.<\/li><li><em>Al-\u00c1ndalus y los andalus\u00edes<\/em>. Barcelona: Cidob-Icaria Editorial, 2000.<\/li><li><em>Mujeres en al-\u00c1ndalus<\/em>. Madrid: CSIC, 2000.<\/li><li>\u00ab<a href=\"http:\/\/estudiosmedievales.revistas.csic.es\/index.php\/estudiosmedievales\/article\/viewArticle\/344\" target=\"_blank\" rel=\"noopener noreferrer\">Una galer\u00eda de retratos reales: los soberanos omeyas de al-Andalus (siglos II\/VIII-IV\/X) en la cron\u00edstica \u00e1rabe<\/a>\u00ab, <em>Anuario de Estudios Medievales<\/em>, 41\/1 (2011).<\/li><\/ul>\n\n\n\n<h2 class=\"wp-block-heading\">Los ulemas en el mundo isl\u00e1mico<\/h2>\n\n\n\n<ul class=\"wp-block-list\"><li>\u00ab<a href=\"https:\/\/scripta.journals.yorku.ca\/index.php\/scripta\/issue\/view\/2286\/showToc\" target=\"_blank\" rel=\"noopener noreferrer\">Biographical dictionaries and social history of al-Andalus: trade and scholarship<\/a>\u00ab, <em>Scripta Mediterranea<\/em> (Toronto), XIX-XX (1998-99), 239-257.<\/li><\/ul>\n\n\n\n<h2 class=\"wp-block-heading\">Historia de la alimentaci\u00f3n<\/h2>\n\n\n\n<ul class=\"wp-block-list\"><li>\u00abLa alimentaci\u00f3n en la vida cotidiana de al-Andalus\u00bb, <em>La vida quotidiana a trav\u00e9s dels segles<\/em> (ed. M. dels \u00c0ngels P\u00e9rez Samper, Barcelona: P\u00f2rtic, 2002), 39-55.<\/li><\/ul>\n\n\n\n<h2 class=\"wp-block-heading\">Historia del arabismo<\/h2>\n\n\n\n<ul class=\"wp-block-list\"><li>\u2018<a href=\"http:\/\/www.hamsa.cidehus.uevora.pt\/hamsa_n1\/publications_n1\/1ManuelaMarin.pdf\" target=\"_blank\" rel=\"noopener noreferrer\">Reflexiones sobre el arabismo espa\u00f1ol: tradiciones, renovaciones y secuestros<\/a>\u2019, <em>Hamsa. <\/em><em>Journal of Judaic and Islamic Studies<\/em>, 1 (2014), 1-17.<\/li><\/ul>\n\n\n\n<hr class=\"wp-block-separator has-text-color has-yellow-color has-alpha-channel-opacity has-yellow-background-color has-background\"\/>\n\n\n\n<h4 class=\"wp-block-heading\">Enlaces y redes:<\/h4>\n\n\n\n<ul class=\"wp-block-list\"><li><a rel=\"noopener noreferrer\" href=\"http:\/\/digital.csic.es\/browse?type=author&amp;order=ASC&amp;rpp=20&amp;value=Mar%C3%ADn%2C+Manuela\" target=\"_blank\">Digital.csic.es<\/a><\/li><li><a rel=\"noopener noreferrer\" href=\"https:\/\/dialnet.unirioja.es\/servlet\/autor?codigo=517105\" target=\"_blank\">Dialnet<\/a><\/li><\/ul>\n\n\n\n<hr class=\"wp-block-separator has-text-color has-yellow-color has-alpha-channel-opacity has-yellow-background-color has-background\"\/>\n\n\n\n<h4 class=\"wp-block-heading\">Art\u00edculos:<\/h4>\n\n\n\n<ul class=\"wp-block-list\" style=\"font-size:15px\"><li><a href=\"https:\/\/www.alandalusylahistoria.com\/?p=271\">Berenjenas califales<\/a><\/li><li><a href=\"https:\/\/www.alandalusylahistoria.com\/?p=1097\">Una huella lejana de al-\u00c1ndalus: moros y cristianos a orillas del Garona<\/a><\/li><li><a href=\"https:\/\/www.alandalusylahistoria.com\/?p=2132\">Cazuela moj\u00ed y capirotada: idas y venidas de una t\u00e9cnica culinaria andalus\u00ed<\/a><\/li><li><a href=\"https:\/\/www.alandalusylahistoria.com\/?p=2375\">Jos\u00e9 Antonio Conde: algo m\u00e1s que un pionero<\/a><\/li><li><a href=\"https:\/\/www.alandalusylahistoria.com\/?p=2737\">Pierre Guichard (1939-2021), in memoriam<\/a><\/li><\/ul>\n","protected":false},"excerpt":{"rendered":"<p>Profesora de Investigaci\u00f3n del CSIC. Entre sus publicaciones: Historia y sociedad de al-Andalus Individuo y sociedad en al-Andalus. Madrid: Fundaci\u00f3n Mapfre, 1992. Al-\u00c1ndalus y los andalus\u00edes. Barcelona: Cidob-Icaria Editorial, 2000. Mujeres en al-\u00c1ndalus. Madrid: CSIC, 2000. \u00abUna galer\u00eda de retratos reales: los soberanos omeyas de al-Andalus (siglos II\/VIII-IV\/X) en la cron\u00edstica \u00e1rabe\u00ab, Anuario de Estudios&#8230; <\/p>\n<div class=\"link-more\"><a href=\"https:\/\/www.alandalusylahistoria.com\/?page_id=236\">Leer M\u00e1s<\/a><\/div>\n","protected":false},"author":1,"featured_media":337,"parent":155,"menu_order":0,"comment_status":"closed","ping_status":"closed","template":"","meta":{"_crdt_document":"","jetpack_post_was_ever_published":false,"footnotes":""},"coauthors":[261],"class_list":["post-236","page","type-page","status-publish","has-post-thumbnail","hentry"],"_links":{"self":[{"href":"https:\/\/www.alandalusylahistoria.com\/index.php?rest_route=\/wp\/v2\/pages\/236","targetHints":{"allow":["GET"]}}],"collection":[{"href":"https:\/\/www.alandalusylahistoria.com\/index.php?rest_route=\/wp\/v2\/pages"}],"about":[{"href":"https:\/\/www.alandalusylahistoria.com\/index.php?rest_route=\/wp\/v2\/types\/page"}],"author":[{"embeddable":true,"href":"https:\/\/www.alandalusylahistoria.com\/index.php?rest_route=\/wp\/v2\/users\/1"}],"replies":[{"embeddable":true,"href":"https:\/\/www.alandalusylahistoria.com\/index.php?rest_route=%2Fwp%2Fv2%2Fcomments&post=236"}],"version-history":[{"count":6,"href":"https:\/\/www.alandalusylahistoria.com\/index.php?rest_route=\/wp\/v2\/pages\/236\/revisions"}],"predecessor-version":[{"id":3654,"href":"https:\/\/www.alandalusylahistoria.com\/index.php?rest_route=\/wp\/v2\/pages\/236\/revisions\/3654"}],"up":[{"embeddable":true,"href":"https:\/\/www.alandalusylahistoria.com\/index.php?rest_route=\/wp\/v2\/pages\/155"}],"wp:featuredmedia":[{"embeddable":true,"href":"https:\/\/www.alandalusylahistoria.com\/index.php?rest_route=\/wp\/v2\/media\/337"}],"wp:attachment":[{"href":"https:\/\/www.alandalusylahistoria.com\/index.php?rest_route=%2Fwp%2Fv2%2Fmedia&parent=236"}],"wp:term":[{"taxonomy":"author","embeddable":true,"href":"https:\/\/www.alandalusylahistoria.com\/index.php?rest_route=%2Fwp%2Fv2%2Fcoauthors&post=236"}],"curies":[{"name":"wp","href":"https:\/\/api.w.org\/{rel}","templated":true}]}}