{"id":233,"date":"2018-07-06T15:52:26","date_gmt":"2018-07-06T15:52:26","guid":{"rendered":"http:\/\/www.alandalusylahistoria.com\/?page_id=233"},"modified":"2022-06-17T17:37:58","modified_gmt":"2022-06-17T15:37:58","slug":"luis-molina","status":"publish","type":"page","link":"https:\/\/www.alandalusylahistoria.com\/?page_id=233","title":{"rendered":"Luis Molina"},"content":{"rendered":"\n<p class=\"wp-block-paragraph\">Investigador Cient\u00edfico en la <a href=\"https:\/\/www.eea.csic.es\/home\/inicio\/\" target=\"_blank\" rel=\"noopener noreferrer\">Escuela de Estudios \u00c1rabes<\/a> (CSIC) de Granada. Su labor investigadora como fil\u00f3logo se ha centrado en la edici\u00f3n y an\u00e1lisis de textos cron\u00edsticos y biogr\u00e1ficos referidos a al-Andalus.<\/p>\n\n\n\n<hr class=\"wp-block-separator has-text-color has-yellow-color has-alpha-channel-opacity has-yellow-background-color has-background\"\/>\n\n\n\n<h4 class=\"wp-block-heading\">Enlaces y redes:<\/h4>\n\n\n\n<ul class=\"wp-block-list\"><li><a rel=\"noopener noreferrer\" href=\"https:\/\/digital.csic.es\/browse?type=author&amp;value=Molina%2C+Luis&amp;authority_lang=es_ES\" target=\"_blank\">Digital.csic.es<\/a><\/li><li><a rel=\"noopener noreferrer\" href=\"https:\/\/www.eea.csic.es\/personal-de-la-eea\/molina-martinez-luis\/\" target=\"_blank\">Eea.csic.es<\/a><\/li><li><a rel=\"noopener noreferrer\" href=\"http:\/\/csic.academia.edu\/LuisMolina\" target=\"_blank\">Academia.edu<\/a><\/li><\/ul>\n\n\n\n<hr class=\"wp-block-separator has-text-color has-yellow-color has-alpha-channel-opacity has-yellow-background-color has-background\"\/>\n\n\n\n<h4 class=\"wp-block-heading\">Art\u00edculos:<\/h4>\n\n\n\n<ul class=\"wp-block-list\" style=\"font-size:15px\"><li><a href=\"https:\/\/www.alandalusylahistoria.com\/?p=306\"><em>Damnatio memoriae<\/em> en la C\u00f3rdoba postcalifal<\/a><\/li><li><a href=\"https:\/\/www.alandalusylahistoria.com\/?p=1743\">Caminos de al-Andalus<\/a><\/li><li><a href=\"https:\/\/www.alandalusylahistoria.com\/?p=1793\">Las calles de al-Andalus (primera parte)<\/a><\/li><li><a href=\"https:\/\/www.alandalusylahistoria.com\/?p=1800\">Las calles de al-Andalus (segunda parte)<\/a><\/li><\/ul>\n","protected":false},"excerpt":{"rendered":"<p>Investigador Cient\u00edfico en la Escuela de Estudios \u00c1rabes (CSIC) de Granada. Su labor investigadora como fil\u00f3logo se ha centrado en la edici\u00f3n y an\u00e1lisis de textos cron\u00edsticos y biogr\u00e1ficos referidos a al-Andalus. Enlaces y redes: Digital.csic.es Eea.csic.es Academia.edu Art\u00edculos: Damnatio memoriae en la C\u00f3rdoba postcalifal Caminos de al-Andalus Las calles de al-Andalus (primera parte) Las&#8230; <\/p>\n<div class=\"link-more\"><a href=\"https:\/\/www.alandalusylahistoria.com\/?page_id=233\">Leer M\u00e1s<\/a><\/div>\n","protected":false},"author":1,"featured_media":388,"parent":155,"menu_order":0,"comment_status":"closed","ping_status":"closed","template":"","meta":{"_crdt_document":"","jetpack_post_was_ever_published":false,"footnotes":""},"coauthors":[261],"class_list":["post-233","page","type-page","status-publish","has-post-thumbnail","hentry"],"_links":{"self":[{"href":"https:\/\/www.alandalusylahistoria.com\/index.php?rest_route=\/wp\/v2\/pages\/233","targetHints":{"allow":["GET"]}}],"collection":[{"href":"https:\/\/www.alandalusylahistoria.com\/index.php?rest_route=\/wp\/v2\/pages"}],"about":[{"href":"https:\/\/www.alandalusylahistoria.com\/index.php?rest_route=\/wp\/v2\/types\/page"}],"author":[{"embeddable":true,"href":"https:\/\/www.alandalusylahistoria.com\/index.php?rest_route=\/wp\/v2\/users\/1"}],"replies":[{"embeddable":true,"href":"https:\/\/www.alandalusylahistoria.com\/index.php?rest_route=%2Fwp%2Fv2%2Fcomments&post=233"}],"version-history":[{"count":6,"href":"https:\/\/www.alandalusylahistoria.com\/index.php?rest_route=\/wp\/v2\/pages\/233\/revisions"}],"predecessor-version":[{"id":3652,"href":"https:\/\/www.alandalusylahistoria.com\/index.php?rest_route=\/wp\/v2\/pages\/233\/revisions\/3652"}],"up":[{"embeddable":true,"href":"https:\/\/www.alandalusylahistoria.com\/index.php?rest_route=\/wp\/v2\/pages\/155"}],"wp:featuredmedia":[{"embeddable":true,"href":"https:\/\/www.alandalusylahistoria.com\/index.php?rest_route=\/wp\/v2\/media\/388"}],"wp:attachment":[{"href":"https:\/\/www.alandalusylahistoria.com\/index.php?rest_route=%2Fwp%2Fv2%2Fmedia&parent=233"}],"wp:term":[{"taxonomy":"author","embeddable":true,"href":"https:\/\/www.alandalusylahistoria.com\/index.php?rest_route=%2Fwp%2Fv2%2Fcoauthors&post=233"}],"curies":[{"name":"wp","href":"https:\/\/api.w.org\/{rel}","templated":true}]}}