{"id":208,"date":"2018-07-06T15:03:36","date_gmt":"2018-07-06T15:03:36","guid":{"rendered":"http:\/\/www.alandalusylahistoria.com\/?page_id=208"},"modified":"2024-06-21T10:36:28","modified_gmt":"2024-06-21T08:36:28","slug":"carlos-de-ayala-martinez","status":"publish","type":"page","link":"https:\/\/www.alandalusylahistoria.com\/?page_id=208","title":{"rendered":"Carlos de Ayala Mart\u00ednez"},"content":{"rendered":"\n<p class=\"wp-block-paragraph\">Doctor en Historia Medieval por la Universidad Aut\u00f3noma de Madrid (1985) y licenciado en Estudios Eclesi\u00e1sticos por la Universidad Pontificia de Comillas (2006), en la actualidad es catedr\u00e1tico de Historia Medieval de la <a href=\"http:\/\/www.uam.es\" target=\"_blank\" rel=\"noopener noreferrer\">Universidad Aut\u00f3noma de Madrid<\/a>. Sus l\u00edneas de investigaci\u00f3n preferentes son \u2018monarqu\u00eda y legitimaci\u00f3n del poder pol\u00edtico en la alta Edad Media peninsular\u2019; \u2018realeza y gobierno en la Castilla pleno-medieval\u2019 y \u2018\u00f3rdenes militares, guerra santa y cruzada en la Pen\u00ednsula Ib\u00e9rica.<\/p>\n\n\n\n<hr class=\"wp-block-separator has-text-color has-yellow-color has-alpha-channel-opacity has-yellow-background-color has-background\"\/>\n\n\n\n<h4 class=\"wp-block-heading\">Enlaces y redes:<\/h4>\n\n\n\n<ul class=\"wp-block-list\">\n<li><a href=\"http:\/\/uam.academia.edu\/CarlosdeAyala\" target=\"_blank\" rel=\"noopener noreferrer\">http:\/\/uam.academia.edu\/CarlosdeAyala<\/a><\/li>\n<\/ul>\n\n\n\n<hr class=\"wp-block-separator has-text-color has-yellow-color has-alpha-channel-opacity has-yellow-background-color has-background\"\/>\n\n\n\n<h4 class=\"wp-block-heading\">Art\u00edculos:<\/h4>\n\n\n\n<ul style=\"font-size:15px\" class=\"wp-block-list\">\n<li><a href=\"https:\/\/www.alandalusylahistoria.com\/?p=315\">\u00bfC\u00f3mo se denominaba y entend\u00eda \u2018Espa\u00f1a\u2019 en la Edad Media? La perspectiva cristiana<\/a><\/li>\n\n\n\n<li><a href=\"https:\/\/www.alandalusylahistoria.com\/?p=474\">\u00bfPodemos seguir hablando de \u201creconquista\u201d? Nacimiento y desarrollo de una ideolog\u00eda<\/a><\/li>\n\n\n\n<li><a href=\"https:\/\/www.alandalusylahistoria.com\/?p=863\">Jim\u00e9nez de Rada y al-Andalus<\/a><\/li>\n\n\n\n<li><a href=\"https:\/\/www.alandalusylahistoria.com\/?p=1276\">Pelayo y Covadonga \u00bfhistoria o ficci\u00f3n?<\/a><\/li>\n\n\n\n<li><a href=\"https:\/\/www.alandalusylahistoria.com\/?p=1375\">\u00bfQu\u00e9 es una orden militar?<\/a><\/li>\n\n\n\n<li><a rel=\"noreferrer noopener\" href=\"https:\/\/www.alandalusylahistoria.com\/?p=1944\" target=\"_blank\">El Preste Juan: cu\u00e1ndo, c\u00f3mo y por qu\u00e9 naci\u00f3 el mito<\/a><\/li>\n\n\n\n<li><a href=\"https:\/\/www.alandalusylahistoria.com\/?p=2924\">Fernando III, la idea imperial y la cruzada<\/a><\/li>\n\n\n\n<li><a href=\"https:\/\/www.alandalusylahistoria.com\/?p=3093\">Frontera y espiritualidad militar cristiana en la Edad Media peninsular<\/a><\/li>\n\n\n\n<li><a href=\"https:\/\/www.alandalusylahistoria.com\/?p=3348\">La Escuela de Traductores de Toledo: \u00bfmito o realidad?<\/a><\/li>\n\n\n\n<li><a href=\"https:\/\/www.alandalusylahistoria.com\/?p=4131\">Castilla y la cruzada en las cr\u00f3nicas de los siglos XII-XIII<\/a><\/li>\n\n\n\n<li><a href=\"https:\/\/www.alandalusylahistoria.com\/?p=4816\">Palabras arrojadizas: el cristianismo radical contra el islam andalus\u00ed en los siglos VIII-IX<\/a><\/li>\n\n\n\n<li><a href=\"https:\/\/www.alandalusylahistoria.com\/?p=4634\">\u00abCan we still talk about \u00abReconquest\u00bb? Birth and development of an ideology\u00bb<\/a>.<\/li>\n\n\n\n<li><a href=\"https:\/\/www.alandalusylahistoria.com\/?p=4851\">What was understood by \u2018Spain\u2019 in the Middle Ages? The Christian perspective<\/a><\/li>\n<\/ul>\n","protected":false},"excerpt":{"rendered":"<p>Doctor en Historia Medieval por la Universidad Aut\u00f3noma de Madrid (1985) y licenciado en Estudios Eclesi\u00e1sticos por la Universidad Pontificia de Comillas (2006), en la actualidad es catedr\u00e1tico de Historia Medieval de la Universidad Aut\u00f3noma de Madrid. Sus l\u00edneas de investigaci\u00f3n preferentes son \u2018monarqu\u00eda y legitimaci\u00f3n del poder pol\u00edtico en la alta Edad Media peninsular\u2019;&#8230; <\/p>\n<div class=\"link-more\"><a href=\"https:\/\/www.alandalusylahistoria.com\/?page_id=208\">Leer M\u00e1s<\/a><\/div>\n","protected":false},"author":1,"featured_media":330,"parent":155,"menu_order":0,"comment_status":"closed","ping_status":"closed","template":"","meta":{"_crdt_document":"","jetpack_post_was_ever_published":false,"footnotes":""},"coauthors":[261],"class_list":["post-208","page","type-page","status-publish","has-post-thumbnail","hentry"],"_links":{"self":[{"href":"https:\/\/www.alandalusylahistoria.com\/index.php?rest_route=\/wp\/v2\/pages\/208","targetHints":{"allow":["GET"]}}],"collection":[{"href":"https:\/\/www.alandalusylahistoria.com\/index.php?rest_route=\/wp\/v2\/pages"}],"about":[{"href":"https:\/\/www.alandalusylahistoria.com\/index.php?rest_route=\/wp\/v2\/types\/page"}],"author":[{"embeddable":true,"href":"https:\/\/www.alandalusylahistoria.com\/index.php?rest_route=\/wp\/v2\/users\/1"}],"replies":[{"embeddable":true,"href":"https:\/\/www.alandalusylahistoria.com\/index.php?rest_route=%2Fwp%2Fv2%2Fcomments&post=208"}],"version-history":[{"count":20,"href":"https:\/\/www.alandalusylahistoria.com\/index.php?rest_route=\/wp\/v2\/pages\/208\/revisions"}],"predecessor-version":[{"id":4877,"href":"https:\/\/www.alandalusylahistoria.com\/index.php?rest_route=\/wp\/v2\/pages\/208\/revisions\/4877"}],"up":[{"embeddable":true,"href":"https:\/\/www.alandalusylahistoria.com\/index.php?rest_route=\/wp\/v2\/pages\/155"}],"wp:featuredmedia":[{"embeddable":true,"href":"https:\/\/www.alandalusylahistoria.com\/index.php?rest_route=\/wp\/v2\/media\/330"}],"wp:attachment":[{"href":"https:\/\/www.alandalusylahistoria.com\/index.php?rest_route=%2Fwp%2Fv2%2Fmedia&parent=208"}],"wp:term":[{"taxonomy":"author","embeddable":true,"href":"https:\/\/www.alandalusylahistoria.com\/index.php?rest_route=%2Fwp%2Fv2%2Fcoauthors&post=208"}],"curies":[{"name":"wp","href":"https:\/\/api.w.org\/{rel}","templated":true}]}}